{"id":6061,"date":"2022-03-11T14:31:54","date_gmt":"2022-03-11T12:31:54","guid":{"rendered":"http:\/\/www.christopherlehmpfuhl.de\/publications3\/"},"modified":"2022-03-11T14:31:56","modified_gmt":"2022-03-11T12:31:56","slug":"publications3","status":"publish","type":"page","link":"https:\/\/www.christopherlehmpfuhl.de\/en\/publications3\/","title":{"rendered":"Publications3"},"content":{"rendered":"\n[et_pb_section fb_built=&#8221;1&#8243; admin_label=&#8221;Kataloge&#8221; _builder_version=&#8221;4.14.5&#8243; _module_preset=&#8221;default&#8221; background_color=&#8221;RGBA(255,255,255,0)&#8221; global_colors_info=&#8221;{}&#8221;][et_pb_row column_structure=&#8221;1_4,1_4,1_4,1_4&#8243; _builder_version=&#8221;4.14.5&#8243; _module_preset=&#8221;default&#8221; global_colors_info=&#8221;{}&#8221;][et_pb_column type=&#8221;1_4&#8243; _builder_version=&#8221;4.14.5&#8243; _module_preset=&#8221;default&#8221; global_colors_info=&#8221;{}&#8221;][et_pb_blurb title=&#8221;Swabian ride&#8221; image=&#8221;http:\/\/www.christopherlehmpfuhl.de\/wp-content\/uploads\/2016\/11\/Schutzumschlag-Schwabenritt.jpg&#8221; image_icon_width=&#8221;100%&#8221; _builder_version=&#8221;4.14.5&#8243; header_font=&#8221;Oswald|on||on|&#8221; header_font_size=&#8221;24px&#8221; body_font=&#8221;Roboto||||&#8221; body_text_color=&#8221;rgba(0,0,0,0.6)&#8221; body_font_size=&#8221;16px&#8221; body_line_height=&#8221;1.9em&#8221; animation_style=&#8221;zoom&#8221; animation_intensity_zoom=&#8221;10%&#8221; border_width_all_image=&#8221;24px&#8221; border_color_all_image=&#8221;rgba(0,0,0,0.25)&#8221; locked=&#8221;off&#8221; global_colors_info=&#8221;{}&#8221;]Gallery Schloss Mochental, Ehingen 2016, 55 pages\n<a href=\"http:\/\/www.christopherlehmpfuhl.de\/wp-content\/uploads\/2016\/11\/Kat.-Lehmpfuhl-Gal.-Schrade-2016.pdf\" target=\"_blank\" rel=\"noopener noreferrer\">View catalogue&#8230;<\/a>[\/et_pb_blurb][\/et_pb_column][et_pb_column type=&#8221;1_4&#8243; _builder_version=&#8221;4.14.5&#8243; _module_preset=&#8221;default&#8221; global_colors_info=&#8221;{}&#8221;][et_pb_blurb title=&#8221;Plein air painting in the Dolomites&#8221; image=&#8221;http:\/\/www.christopherlehmpfuhl.de\/wp-content\/uploads\/2016\/11\/Cover-Lempfuhl.jpg&#8221; image_icon_width=&#8221;100%&#8221; _builder_version=&#8221;4.14.5&#8243; header_font=&#8221;Oswald|on||on|&#8221; header_font_size=&#8221;24px&#8221; body_font=&#8221;Roboto||||&#8221; body_text_color=&#8221;rgba(0,0,0,0.6)&#8221; body_font_size=&#8221;16px&#8221; body_line_height=&#8221;1.9em&#8221; image_icon_custom_margin=&#8221;||0px|0px|false|false&#8221; image_icon_custom_padding=&#8221;|||0px|false|false&#8221; animation_style=&#8221;zoom&#8221; animation_intensity_zoom=&#8221;10%&#8221; border_width_all_image=&#8221;24px&#8221; border_color_all_image=&#8221;rgba(0,0,0,0.25)&#8221; locked=&#8221;off&#8221; global_colors_info=&#8221;{}&#8221;]Hirmer Verlag, Munich 2016, \n120 pages\n<a href=\"http:\/\/www.christopherlehmpfuhl.de\/wp-content\/uploads\/2016\/11\/Lehmpfuhl-DRUCKFREIGABE-04.11.pdf\" target=\"_blank\" rel=\"noopener noreferrer\">View book&#8230;<\/a>[\/et_pb_blurb][\/et_pb_column][et_pb_column type=&#8221;1_4&#8243; _builder_version=&#8221;4.14.5&#8243; _module_preset=&#8221;default&#8221; global_colors_info=&#8221;{}&#8221;][et_pb_blurb title=&#8221;Sylt in the light&#8221; image=&#8221;http:\/\/www.christopherlehmpfuhl.de\/wp-content\/uploads\/2016\/08\/FullSizeRender-1.jpg&#8221; image_icon_width=&#8221;100%&#8221; _builder_version=&#8221;4.14.5&#8243; header_font=&#8221;Oswald|on||on|&#8221; header_font_size=&#8221;24px&#8221; header_line_height=&#8221;1.2em&#8221; body_font=&#8221;Roboto||||&#8221; body_text_color=&#8221;rgba(0,0,0,0.6)&#8221; body_font_size=&#8221;16px&#8221; body_line_height=&#8221;1.9em&#8221; animation_style=&#8221;zoom&#8221; animation_intensity_zoom=&#8221;10%&#8221; border_width_all_image=&#8221;24px&#8221; border_color_all_image=&#8221;rgba(0,0,0,0.25)&#8221; locked=&#8221;off&#8221; global_colors_info=&#8221;{}&#8221;]Gallery M\u00fcllers, Rendsburg 2016, 40 pages[\/et_pb_blurb][\/et_pb_column][et_pb_column type=&#8221;1_4&#8243; _builder_version=&#8221;4.14.5&#8243; _module_preset=&#8221;default&#8221; global_colors_info=&#8221;{}&#8221;][et_pb_blurb title=&#8221;The colors of the snow&#8221; image=&#8221;http:\/\/www.christopherlehmpfuhl.de\/wp-content\/uploads\/2016\/08\/FullSizeRender.jpg&#8221; image_icon_width=&#8221;100%&#8221; _builder_version=&#8221;4.14.5&#8243; header_font=&#8221;Oswald|on||on|&#8221; header_font_size=&#8221;24px&#8221; body_font=&#8221;Roboto||||&#8221; body_text_color=&#8221;rgba(0,0,0,0.6)&#8221; body_font_size=&#8221;16px&#8221; body_line_height=&#8221;1.9em&#8221; animation_style=&#8221;zoom&#8221; animation_intensity_zoom=&#8221;10%&#8221; border_width_all_image=&#8221;24px&#8221; border_color_all_image=&#8221;rgba(0,0,0,0.25)&#8221; locked=&#8221;off&#8221; global_colors_info=&#8221;{}&#8221;]Art Museum Bensheim, Bensheim 2016, 44 pages[\/et_pb_blurb][\/et_pb_column][\/et_pb_row][et_pb_row column_structure=&#8221;1_4,1_4,1_4,1_4&#8243; _builder_version=&#8221;4.14.5&#8243; _module_preset=&#8221;default&#8221; global_colors_info=&#8221;{}&#8221;][et_pb_column type=&#8221;1_4&#8243; _builder_version=&#8221;4.14.5&#8243; _module_preset=&#8221;default&#8221; global_colors_info=&#8221;{}&#8221;][et_pb_blurb title=&#8221;NZZ Edition No. 1&#8243; image=&#8221;http:\/\/www.christopherlehmpfuhl.de\/wp-content\/uploads\/2016\/05\/NZZ-CoverWeb.jpg&#8221; image_icon_width=&#8221;100%&#8221; _builder_version=&#8221;4.14.5&#8243; header_font=&#8221;Oswald|on||on|&#8221; header_font_size=&#8221;24px&#8221; body_font=&#8221;Roboto||||&#8221; body_text_color=&#8221;rgba(0,0,0,0.6)&#8221; body_font_size=&#8221;16px&#8221; body_line_height=&#8221;1.9em&#8221; animation_style=&#8221;zoom&#8221; animation_intensity_zoom=&#8221;10%&#8221; border_width_all_image=&#8221;24px&#8221; border_color_all_image=&#8221;rgba(0,0,0,0.25)&#8221; locked=&#8221;off&#8221; global_colors_info=&#8221;{}&#8221;] Neue Z\u00fcrcher Zeitung, Zurich 2016, 20 pages\n<a href=\"http:\/\/www.christopherlehmpfuhl.de\/wp-content\/uploads\/2016\/04\/NZZWeb.pdf\" target=\"_blank\" rel=\"noopener noreferrer\">look at&#8230;<\/a>[\/et_pb_blurb][\/et_pb_column][et_pb_column type=&#8221;1_4&#8243; _builder_version=&#8221;4.14.5&#8243; _module_preset=&#8221;default&#8221; global_colors_info=&#8221;{}&#8221;][et_pb_blurb title=&#8221;Bornholm&#8221; image=&#8221;http:\/\/www.christopherlehmpfuhl.de\/wp-content\/uploads\/2015\/11\/UmschlagBornholmWeb.jpg&#8221; image_icon_width=&#8221;100%&#8221; _builder_version=&#8221;4.14.5&#8243; header_font=&#8221;Oswald|on||on|&#8221; header_font_size=&#8221;24px&#8221; body_font=&#8221;Roboto||||&#8221; body_text_color=&#8221;rgba(0,0,0,0.6)&#8221; body_font_size=&#8221;16px&#8221; body_line_height=&#8221;1.9em&#8221; animation_style=&#8221;zoom&#8221; animation_intensity_zoom=&#8221;10%&#8221; border_width_all_image=&#8221;24px&#8221; border_color_all_image=&#8221;rgba(0,0,0,0.25)&#8221; locked=&#8221;off&#8221; global_colors_info=&#8221;{}&#8221;] Gallery M\u00fcllers, Rendsburg 2015, 35 pages\n<a href=\"http:\/\/www.christopherlehmpfuhl.de\/wp-content\/uploads\/2015\/11\/Kat.-Bornholm-quer.2.11.pdf\" target=\"_blank\" rel=\"noopener noreferrer\">View catalogue&#8230;<\/a>[\/et_pb_blurb][\/et_pb_column][et_pb_column type=&#8221;1_4&#8243; _builder_version=&#8221;4.14.5&#8243; _module_preset=&#8221;default&#8221; global_colors_info=&#8221;{}&#8221;][et_pb_blurb title=&#8221;Ulm Minster&#8221; image=&#8221;http:\/\/www.christopherlehmpfuhl.de\/wp-content\/uploads\/2015\/08\/Lehmpfuhl_ProspektWeb.jpg&#8221; image_icon_width=&#8221;100%&#8221; _builder_version=&#8221;4.14.5&#8243; header_font=&#8221;Oswald|on||on|&#8221; header_font_size=&#8221;24px&#8221; body_font=&#8221;Roboto||||&#8221; body_text_color=&#8221;rgba(0,0,0,0.6)&#8221; body_font_size=&#8221;16px&#8221; body_line_height=&#8221;1.9em&#8221; animation_style=&#8221;zoom&#8221; animation_intensity_zoom=&#8221;10%&#8221; border_width_all_image=&#8221;24px&#8221; border_color_all_image=&#8221;rgba(0,0,0,0.25)&#8221; locked=&#8221;off&#8221; global_colors_info=&#8221;{}&#8221;]Gallery Tobias Schrade, Ulm 2015, 14 pages\n<a href=\"http:\/\/www.christopherlehmpfuhl.de\/wp-content\/uploads\/2015\/08\/Lehmpfuhl_Prospekt.pdf\" target=\"_blank\" rel=\"noopener noreferrer\">View catalogue&#8230;<\/a>[\/et_pb_blurb][\/et_pb_column][et_pb_column type=&#8221;1_4&#8243; _builder_version=&#8221;4.14.5&#8243; _module_preset=&#8221;default&#8221; global_colors_info=&#8221;{}&#8221;][et_pb_blurb title=&#8221;Lugano, Engadin, Zurich&#8221; image=&#8221;http:\/\/www.christopherlehmpfuhl.de\/wp-content\/uploads\/2015\/08\/Einband-Lehmpfuhl-CarzanigaWeb.jpg&#8221; image_icon_width=&#8221;100%&#8221; _builder_version=&#8221;4.14.5&#8243; header_font=&#8221;Oswald|on||on|&#8221; header_font_size=&#8221;24px&#8221; body_font=&#8221;Roboto||||&#8221; body_text_color=&#8221;rgba(0,0,0,0.6)&#8221; body_font_size=&#8221;16px&#8221; body_line_height=&#8221;1.9em&#8221; animation_style=&#8221;zoom&#8221; animation_intensity_zoom=&#8221;10%&#8221; border_width_all_image=&#8221;24px&#8221; border_color_all_image=&#8221;rgba(0,0,0,0.25)&#8221; locked=&#8221;off&#8221; global_colors_info=&#8221;{}&#8221;]ed. by Christopher Lehmpfuhl, Galerie Carzaniga, Basel 2015,\n 55 pages\n<a href=\"http:\/\/www.christopherlehmpfuhl.de\/wp-content\/uploads\/2015\/08\/Kat.-Lehmpfuhl-Carzaniga-VIII.pdf\" target=\"_blank\" rel=\"noopener noreferrer\">View catalogue&#8230;<\/a>[\/et_pb_blurb][\/et_pb_column][\/et_pb_row][et_pb_row column_structure=&#8221;1_4,1_4,1_4,1_4&#8243; _builder_version=&#8221;4.14.5&#8243; _module_preset=&#8221;default&#8221; global_colors_info=&#8221;{}&#8221;][et_pb_column type=&#8221;1_4&#8243; _builder_version=&#8221;4.14.5&#8243; _module_preset=&#8221;default&#8221; global_colors_info=&#8221;{}&#8221;][et_pb_blurb title=&#8221;Plein Air&#8221; image=&#8221;http:\/\/www.christopherlehmpfuhl.de\/wp-content\/uploads\/2015\/08\/Bode-DaeguWeb.jpg&#8221; image_icon_width=&#8221;100%&#8221; _builder_version=&#8221;4.14.5&#8243; header_font=&#8221;Oswald|on||on|&#8221; header_font_size=&#8221;24px&#8221; body_font=&#8221;Roboto||||&#8221; body_text_color=&#8221;rgba(0,0,0,0.6)&#8221; body_font_size=&#8221;16px&#8221; body_line_height=&#8221;1.9em&#8221; animation_style=&#8221;zoom&#8221; animation_intensity_zoom=&#8221;10%&#8221; border_width_all_image=&#8221;24px&#8221; border_color_all_image=&#8221;rgba(0,0,0,0.25)&#8221; locked=&#8221;off&#8221; global_colors_info=&#8221;{}&#8221;]Gallery Bode, Daegu 2015, 20 pages[\/et_pb_blurb][\/et_pb_column][et_pb_column type=&#8221;1_4&#8243; _builder_version=&#8221;4.14.5&#8243; _module_preset=&#8221;default&#8221; global_colors_info=&#8221;{}&#8221;][et_pb_blurb title=&#8221;Karlsruhe park landscapes&#8221; image=&#8221;http:\/\/www.christopherlehmpfuhl.de\/wp-content\/uploads\/2015\/03\/CoverKarlsruhe2015.jpg&#8221; image_icon_width=&#8221;100%&#8221; admin_label=&#8221;Informationstext&#8221; _builder_version=&#8221;4.14.5&#8243; header_font=&#8221;Oswald|on||on|&#8221; header_font_size=&#8221;24px&#8221; body_font=&#8221;Roboto||||&#8221; body_text_color=&#8221;rgba(0,0,0,0.6)&#8221; body_font_size=&#8221;16px&#8221; body_line_height=&#8221;1.9em&#8221; animation_style=&#8221;zoom&#8221; animation_intensity_zoom=&#8221;10%&#8221; border_width_all_image=&#8221;24px&#8221; border_color_all_image=&#8221;rgba(0,0,0,0.25)&#8221; locked=&#8221;off&#8221; global_colors_info=&#8221;{}&#8221;]Gallery Schrade, Karlsruhe 2015, 61 pages\n<a href=\"http:\/\/www.christopherlehmpfuhl.de\/wp-content\/uploads\/2015\/03\/KatalogKarlsruhe.pdf\" target=\"_blank\" rel=\"noopener noreferrer\">View catalogue&#8230;<\/a>[\/et_pb_blurb][\/et_pb_column][et_pb_column type=&#8221;1_4&#8243; _builder_version=&#8221;4.14.5&#8243; _module_preset=&#8221;default&#8221; global_colors_info=&#8221;{}&#8221;][et_pb_blurb title=&#8221;Oilseed rape landscapes. Hans-Joachim Billib and Christopher Lehmpfuhl&#8221; image=&#8221;http:\/\/www.christopherlehmpfuhl.de\/wp-content\/uploads\/2014\/09\/CoverRapsweb.jpg&#8221; image_icon_width=&#8221;100%&#8221; _builder_version=&#8221;4.14.5&#8243; header_font=&#8221;Oswald|on||on|&#8221; header_font_size=&#8221;24px&#8221; body_font=&#8221;Roboto||||&#8221; body_text_color=&#8221;rgba(0,0,0,0.6)&#8221; body_font_size=&#8221;16px&#8221; body_line_height=&#8221;1.9em&#8221; animation_style=&#8221;zoom&#8221; animation_intensity_zoom=&#8221;10%&#8221; border_width_all_image=&#8221;24px&#8221; border_color_all_image=&#8221;rgba(0,0,0,0.25)&#8221; locked=&#8221;off&#8221; global_colors_info=&#8221;{}&#8221;]Gallery Meier, Freiburg 2014,\n 40 pages[\/et_pb_blurb][\/et_pb_column][et_pb_column type=&#8221;1_4&#8243; _builder_version=&#8221;4.14.5&#8243; _module_preset=&#8221;default&#8221; global_colors_info=&#8221;{}&#8221;][et_pb_blurb title=&#8221;North Sea landscapes. Heligoland, Seeb\u00fcll, Noldegarten, Hallig Hooge&#8221; image=&#8221;http:\/\/www.christopherlehmpfuhl.de\/wp-content\/uploads\/2014\/09\/CoverHelgolandweb.jpg&#8221; image_icon_width=&#8221;100%&#8221; _builder_version=&#8221;4.14.5&#8243; header_font=&#8221;Oswald|on||on|&#8221; header_font_size=&#8221;24px&#8221; header_line_height=&#8221;1.2em&#8221; body_font=&#8221;Roboto||||&#8221; body_text_color=&#8221;rgba(0,0,0,0.6)&#8221; body_font_size=&#8221;16px&#8221; body_line_height=&#8221;1.9em&#8221; animation_style=&#8221;zoom&#8221; animation_intensity_zoom=&#8221;10%&#8221; border_width_all_image=&#8221;24px&#8221; border_color_all_image=&#8221;rgba(0,0,0,0.25)&#8221; locked=&#8221;off&#8221; global_colors_info=&#8221;{}&#8221;]ed. by Christopher Lehmpfuhl, Erika Maxim-Lehmpfuhl, Hannelore Stamm and Hannes Albers, Kunst-Kabinett Usedom, Benz 2014, 112 pages[\/et_pb_blurb][\/et_pb_column][\/et_pb_row][et_pb_row _builder_version=&#8221;4.14.5&#8243; _module_preset=&#8221;default&#8221; global_colors_info=&#8221;{}&#8221;][et_pb_column type=&#8221;4_4&#8243; _builder_version=&#8221;4.14.5&#8243; _module_preset=&#8221;default&#8221; global_colors_info=&#8221;{}&#8221;][et_pb_menu menu_id=&#8221;69&#8243; menu_style=&#8221;centered&#8221; active_link_color=&#8221;#aa0000&#8243; _builder_version=&#8221;4.14.5&#8243; _module_preset=&#8221;default&#8221; menu_font=&#8221;Roboto|900|||||||&#8221; menu_font_size=&#8221;24px&#8221; animation_style=&#8221;slide&#8221; hover_enabled=&#8221;0&#8243; global_colors_info=&#8221;{}&#8221; menu_icon_color=&#8221;#000000&#8243; sticky_enabled=&#8221;0&#8243;][\/et_pb_menu][\/et_pb_column][\/et_pb_row][\/et_pb_section][et_pb_section fb_built=&#8221;1&#8243; custom_padding_last_edited=&#8221;on|tablet&#8221; admin_label=&#8221;Ausstellungen, Messen, Sammlungen&#8221; _builder_version=&#8221;4.14.5&#8243; background_color=&#8221;rgba(43,31,0,0.29)&#8221; custom_margin=&#8221;44px||0px||false|false&#8221; custom_padding=&#8221;0px||1px|||&#8221; custom_padding_tablet=&#8221;60px||60px|&#8221; custom_padding_phone=&#8221;&#8221; global_module=&#8221;5384&#8243; global_colors_info=&#8221;{}&#8221;][et_pb_row column_structure=&#8221;1_3,1_3,1_3&#8243; use_custom_gutter=&#8221;on&#8221; gutter_width=&#8221;4&#8243; admin_label=&#8221;Grid&#8221; _builder_version=&#8221;4.14.5&#8243; module_alignment=&#8221;center&#8221; custom_margin=&#8221;-2px|auto||auto||&#8221; custom_padding=&#8221;40px|0px|40px|0px&#8221; global_colors_info=&#8221;{}&#8221;][et_pb_column type=&#8221;1_3&#8243; _builder_version=&#8221;4.14.5&#8243; custom_padding=&#8221;|||&#8221; link_option_url=&#8221;https:\/\/www.christopherlehmpfuhl.de\/en\/exhibitions\/&#8221; global_colors_info=&#8221;{}&#8221; custom_padding__hover=&#8221;|||&#8221;][et_pb_image src=&#8221;http:\/\/www.christopherlehmpfuhl.de\/wp-content\/uploads\/2022\/01\/PHOTO-2019-05-21-21-24-41-e1642773910308.jpg&#8221; title_text=&#8221;PHOTO-2019-05-21-21-24-41-e1642773910308&#8243; _builder_version=&#8221;4.14.5&#8243; _module_preset=&#8221;default&#8221; animation_style=&#8221;zoom&#8221; global_colors_info=&#8221;{}&#8221;][\/et_pb_image][et_pb_text _builder_version=&#8221;4.14.5&#8243; _module_preset=&#8221;623927d4-5a37-404c-90eb-640102f20381&#8243; text_text_color=&#8221;rgba(0,0,0,0.6)&#8221; header_font=&#8221;Oswald|700||on|||||&#8221; header_text_align=&#8221;center&#8221; animation_style=&#8221;flip&#8221; global_colors_info=&#8221;{}&#8221;]<h1>Exhibitions<\/h1>[\/et_pb_text][\/et_pb_column][et_pb_column type=&#8221;1_3&#8243; _builder_version=&#8221;4.14.5&#8243; _module_preset=&#8221;default&#8221; link_option_url=&#8221;https:\/\/www.christopherlehmpfuhl.de\/en\/art-fairs\/&#8221; global_colors_info=&#8221;{}&#8221;][et_pb_image src=&#8221;http:\/\/www.christopherlehmpfuhl.de\/wp-content\/uploads\/2018\/02\/2018-02-20-PHOTO-00000075-e1642773060533.jpg&#8221; title_text=&#8221;2018-02-20-PHOTO-00000075&#8243; _builder_version=&#8221;4.14.5&#8243; _module_preset=&#8221;default&#8221; animation_style=&#8221;zoom&#8221; global_colors_info=&#8221;{}&#8221;][\/et_pb_image][et_pb_text _builder_version=&#8221;4.14.5&#8243; _module_preset=&#8221;623927d4-5a37-404c-90eb-640102f20381&#8243; text_text_color=&#8221;rgba(0,0,0,0.6)&#8221; header_font=&#8221;Oswald|700||on|||||&#8221; header_text_align=&#8221;center&#8221; animation_style=&#8221;flip&#8221; global_colors_info=&#8221;{}&#8221;]<h1>Artfairs<\/h1>[\/et_pb_text][\/et_pb_column][et_pb_column type=&#8221;1_3&#8243; _builder_version=&#8221;4.14.5&#8243; custom_padding=&#8221;|||&#8221; link_option_url=&#8221;https:\/\/www.christopherlehmpfuhl.de\/en\/collections\/&#8221; global_colors_info=&#8221;{}&#8221; custom_padding__hover=&#8221;|||&#8221;][et_pb_image src=&#8221;http:\/\/www.christopherlehmpfuhl.de\/wp-content\/uploads\/2019\/10\/IMG_5357-e1642771613312.jpg&#8221; title_text=&#8221;IMG_5357&#8243; _builder_version=&#8221;4.14.5&#8243; _module_preset=&#8221;default&#8221; animation_style=&#8221;zoom&#8221; global_colors_info=&#8221;{}&#8221;][\/et_pb_image][et_pb_text _builder_version=&#8221;4.14.5&#8243; _module_preset=&#8221;623927d4-5a37-404c-90eb-640102f20381&#8243; header_font=&#8221;Oswald|700||on|||||&#8221; header_text_align=&#8221;center&#8221; animation_style=&#8221;flip&#8221; global_colors_info=&#8221;{}&#8221;]<h1>Collections<\/h1>[\/et_pb_text][\/et_pb_column][\/et_pb_row][\/et_pb_section]\n","protected":false},"excerpt":{"rendered":"<p>Gallery Schloss Mochental, Ehingen 2016, 55 pages View catalogue&#8230;Hirmer Verlag, Munich 2016, 120 pages View book&#8230;Gallery M\u00fcllers, Rendsburg 2016, 40 pagesArt Museum Bensheim, Bensheim 2016, 44 pages Neue Z\u00fcrcher Zeitung, Zurich 2016, 20 pages look at&#8230; Gallery M\u00fcllers, Rendsburg 2015, 35 pages View catalogue&#8230;Gallery Tobias Schrade, Ulm 2015, 14 pages View catalogue&#8230;ed. by Christopher Lehmpfuhl, [&hellip;]<\/p>\n","protected":false},"author":2,"featured_media":0,"parent":0,"menu_order":0,"comment_status":"closed","ping_status":"closed","template":"","meta":{"_et_pb_use_builder":"on","_et_pb_old_content":"","_et_gb_content_width":"","ngg_post_thumbnail":0,"footnotes":""},"class_list":["post-6061","page","type-page","status-publish","hentry"],"aioseo_notices":[],"_links":{"self":[{"href":"https:\/\/www.christopherlehmpfuhl.de\/en\/wp-json\/wp\/v2\/pages\/6061","targetHints":{"allow":["GET"]}}],"collection":[{"href":"https:\/\/www.christopherlehmpfuhl.de\/en\/wp-json\/wp\/v2\/pages"}],"about":[{"href":"https:\/\/www.christopherlehmpfuhl.de\/en\/wp-json\/wp\/v2\/types\/page"}],"author":[{"embeddable":true,"href":"https:\/\/www.christopherlehmpfuhl.de\/en\/wp-json\/wp\/v2\/users\/2"}],"replies":[{"embeddable":true,"href":"https:\/\/www.christopherlehmpfuhl.de\/en\/wp-json\/wp\/v2\/comments?post=6061"}],"version-history":[{"count":0,"href":"https:\/\/www.christopherlehmpfuhl.de\/en\/wp-json\/wp\/v2\/pages\/6061\/revisions"}],"wp:attachment":[{"href":"https:\/\/www.christopherlehmpfuhl.de\/en\/wp-json\/wp\/v2\/media?parent=6061"}],"curies":[{"name":"wp","href":"https:\/\/api.w.org\/{rel}","templated":true}]}}